{"version":"1.0","provider_name":"CafeBlog Help","provider_url":"https:\/\/help.cafeblog.hu","author_name":"Cafeblog","author_url":"https:\/\/help.cafeblog.hu\/author\/admin-2\/","title":"Hogyan jelen\u00edts\u00fck meg id\u0151z\u00edtve bejegyz\u00e9seinket","html":"&nbsp;\r\n\r\nHa nem azonnal szeretn\u00e9nk k\u00f6zz\u00e9tenni egy-egy bejegyz\u00e9s\u00fcnket, megadhatjuk, hogy egy k\u00e9s\u0151bbi id\u0151pontban, d\u00e1tumon ker\u00fclj\u00f6n k\u00f6zz\u00e9t\u00e9telre.\r\n\r\nA bejegyz\u00e9s szerkeszt\u00e9se oldalon a jobb fels\u0151 <strong>K\u00f6zz\u00e9t\u00e9tel<\/strong> dobozban v\u00e1lasszuk ki a leny\u00edl\u00f3 mez\u0151ben a k\u00f6vetkez\u0151t: <strong>\u00dctemezve<\/strong>\r\n\r\n<a href=\"https:\/\/help.cafeblog.hu\/files\/2013\/11\/idozites1.jpg\"><img class=\"size-full wp-image-427 aligncenter\" alt=\"idozites1\" src=\"https:\/\/help.cafeblog.hu\/files\/2013\/11\/idozites1.jpg\" width=\"292\" height=\"445\" \/><\/a>\r\n\r\nEkkor megjelenik a leny\u00edl\u00f3 mez\u0151 alatt\u00a0egy sor. Itt kattintsunk a <strong>Szerkeszt\u00e9s<\/strong>\u00a0linkre, hogy megadjuk a k\u00f6zz\u00e9t\u00e9tel d\u00e1tum\u00e1t.\r\n\r\n<img class=\"size-full wp-image-428 aligncenter\" alt=\"idozites2\" src=\"https:\/\/help.cafeblog.hu\/files\/2013\/11\/idozites2.jpg\" width=\"292\" height=\"494\" \/>\r\n\r\nA mez\u0151k a k\u00f6vetkez\u0151 sorrendben vannak: <strong>h\u00f3nap nap, \u00e9v @ \u00f3ra : perc<\/strong>\r\n\r\nMiut\u00e1n megadtuk a d\u00e1tumot kattintsunk az <strong>OK<\/strong> gombra.\r\n\r\n<img class=\"size-full wp-image-429 aligncenter\" alt=\"idozites3\" src=\"https:\/\/help.cafeblog.hu\/files\/2013\/11\/idozites3.jpg\" width=\"292\" height=\"583\" \/>\r\n\r\nAz <strong>OK<\/strong> gombra kattint\u00e1s ut\u00e1n a d\u00e1tum mez\u0151k elt\u0171nnek, helyette megjelenik a kiv\u00e1lasztott id\u0151z\u00edt\u00e9s d\u00e1tuma \u00e9s a K\u00f6zz\u00e9t\u00e9tel gomb sz\u00f6vege megv\u00e1ltozik <strong>Id\u0151z\u00edt\u00e9s<\/strong>re.\r\n\r\nAz id\u0151z\u00edt\u00e9s v\u00e9gleges\u00edt\u00e9s\u00e9hez kattintsunk az <strong>Id\u0151z\u00edt\u00e9s<\/strong> gombra.\r\n\r\n<img class=\"size-full wp-image-430 aligncenter\" alt=\"idozites4\" src=\"https:\/\/help.cafeblog.hu\/files\/2013\/11\/idozites4.jpg\" width=\"292\" height=\"526\" \/>\r\n\r\nEzzel k\u00e9sz is vagyunk.","type":"rich"}